{"id":16,"date":"2015-12-13T16:28:00","date_gmt":"2015-12-13T15:28:00","guid":{"rendered":"http:\/\/localhost:8080\/wordpress\/?page_id=16"},"modified":"2026-01-05T14:40:09","modified_gmt":"2026-01-05T13:40:09","slug":"accueil","status":"publish","type":"page","link":"https:\/\/sentiers05.fr\/","title":{"rendered":"Accueil"},"content":{"rendered":"<div id='gallery-1' class='gallery galleryid-16 gallery-columns-2 gallery-size-medium'><figure class='gallery-item'>\n\t\t\t<div class='gallery-icon landscape'>\n\t\t\t\t<a href='https:\/\/sentiers05.fr\/wp-content\/uploads\/2015\/12\/cid_C13466BA-5907-43C0-8577-F3D098764CA2.jpg'><img loading=\"lazy\" decoding=\"async\" width=\"300\" height=\"200\" src=\"https:\/\/sentiers05.fr\/wp-content\/uploads\/2015\/12\/cid_C13466BA-5907-43C0-8577-F3D098764CA2-300x200.jpg\" class=\"attachment-medium size-medium\" alt=\"\" srcset=\"https:\/\/sentiers05.fr\/wp-content\/uploads\/2015\/12\/cid_C13466BA-5907-43C0-8577-F3D098764CA2-300x200.jpg 300w, https:\/\/sentiers05.fr\/wp-content\/uploads\/2015\/12\/cid_C13466BA-5907-43C0-8577-F3D098764CA2-584x389.jpg 584w, https:\/\/sentiers05.fr\/wp-content\/uploads\/2015\/12\/cid_C13466BA-5907-43C0-8577-F3D098764CA2.jpg 639w\" sizes=\"auto, (max-width: 300px) 85vw, 300px\" \/><\/a>\n\t\t\t<\/div><\/figure><figure class='gallery-item'>\n\t\t\t<div class='gallery-icon landscape'>\n\t\t\t\t<a href='https:\/\/sentiers05.fr\/wp-content\/uploads\/2015\/12\/13-Mars_Cervi\u00e8res-Col-de-Bousson-6a.jpg'><img loading=\"lazy\" decoding=\"async\" width=\"300\" height=\"200\" src=\"https:\/\/sentiers05.fr\/wp-content\/uploads\/2015\/12\/13-Mars_Cervi\u00e8res-Col-de-Bousson-6a-300x200.jpg\" class=\"attachment-medium size-medium\" alt=\"\" srcset=\"https:\/\/sentiers05.fr\/wp-content\/uploads\/2015\/12\/13-Mars_Cervi\u00e8res-Col-de-Bousson-6a-300x200.jpg 300w, https:\/\/sentiers05.fr\/wp-content\/uploads\/2015\/12\/13-Mars_Cervi\u00e8res-Col-de-Bousson-6a-584x389.jpg 584w, https:\/\/sentiers05.fr\/wp-content\/uploads\/2015\/12\/13-Mars_Cervi\u00e8res-Col-de-Bousson-6a-1200x800.jpg 1200w, https:\/\/sentiers05.fr\/wp-content\/uploads\/2015\/12\/13-Mars_Cervi\u00e8res-Col-de-Bousson-6a.jpg 1800w\" sizes=\"auto, (max-width: 300px) 85vw, 300px\" \/><\/a>\n\t\t\t<\/div><\/figure>\n\t\t<\/div>\n\n<div style=\"width: 840px;\" class=\"wp-video\"><video class=\"wp-video-shortcode\" id=\"video-16-1\" width=\"840\" height=\"473\" loop autoplay preload=\"metadata\" controls=\"controls\"><source type=\"video\/mp4\" src=\"https:\/\/sentiers05.fr\/wp-content\/uploads\/2021\/12\/Page-Accueil-Sentiers-05.mp4?_=1\" \/><a href=\"https:\/\/sentiers05.fr\/wp-content\/uploads\/2021\/12\/Page-Accueil-Sentiers-05.mp4\">https:\/\/sentiers05.fr\/wp-content\/uploads\/2021\/12\/Page-Accueil-Sentiers-05.mp4<\/a><\/video><\/div>\n<p align=\"JUSTIFY\">Cr\u00e9e en 2007, <strong>SENTIERS 05<\/strong> est une association loi 1901 affili\u00e9e \u00e0 la F\u00e9d\u00e9ration Fran\u00e7aise de la Randonn\u00e9e P\u00e9destre sous le n\u00b0 05539.<\/p>\n<ul>\n<li>Son si\u00e8ge social est \u00e0 la Mairie de Romette.<\/li>\n<li>Elle est adh\u00e9rente \u00e0 l\u2019Office Municipal des Sports de Gap.<\/li>\n<\/ul>\n<p><span style=\"text-decoration: underline;\"><strong>NOS BUTS<\/strong><\/span> sont\u00a0:<\/p>\n<ul>\n<li>Pratiquer et promouvoir toute l\u2019ann\u00e9e la randonn\u00e9e p\u00e9destre et en raquettes.<\/li>\n<\/ul>\n<ul>\n<li>Participer ou organiser des manifestations en accord avec le comit\u00e9 d\u00e9partemental\u00a0: f\u00eate de la raquette, f\u00eate de la rando, rencontre franco-italienne.<\/li>\n<\/ul>\n<ul>\n<li>Soutenir les baliseurs b\u00e9n\u00e9voles qui cr\u00e9ent, balisent et entretiennent les sentiers (GR, GRP, PR) dans le respect de la charte nationale.<\/li>\n<\/ul>\n<ul>\n<li>Respecter les valeurs de la FFR, via le comit\u00e9 d\u00e9partemental et national.<\/li>\n<\/ul>\n<ul>\n<li>Prendre en compte la protection de l\u2019environnement en privil\u00e9giant le covoiturage et l\u2019utilisation des parkings relais.<\/li>\n<\/ul>\n<p><span style=\"text-decoration: underline;\"><strong>NOS PROGRAMMES<\/strong><\/span> sont trimestriels.<\/p>\n<ul>\n<li>Les sorties ont lieu les MARDI, JEUDI, DIMANCHE.<\/li>\n<li>Des s\u00e9jours peuvent \u00e9galement \u00eatre propos\u00e9s.<\/li>\n<li>L\u2019encadrement est confi\u00e9 \u00e0 des animateurs ayant suivi une formation (ou en cours).<\/li>\n<\/ul>\n<p><span style=\"text-decoration: underline;\"><strong>L\u2019ADHESION<\/strong><\/span> est valid\u00e9e moyennant une cotisation de 17 \u20ac et le paiement de la Licence FFR (au choix parmi plusieurs options). Se r\u00e9f\u00e9rer \u00e0 l\u2019annexe fournie lors de la signature. Cette licence couvre toute l\u2019ann\u00e9e, 24h sur 24 et 7j sur7, dans le monde entier. Il est recommand\u00e9 de la d\u00e9tenir \u00e0 chaque sortie.<\/p>\n<p>A titre d\u2019invit\u00e9 vous pouvez participer \u00e0 2 ou 3 sorties afin de\u00a0d\u00e9couvrir\u00a0 l\u2019association avant d\u2019y adh\u00e9rer.<\/p>\n<p>Il est souhaitable de choisir une randonn\u00e9e en fonction de ses capacit\u00e9s physiques afin de ne pas se mettre en difficult\u00e9, de ne pas p\u00e9naliser les autres membres du groupe.<\/p>\n<p><span style=\"text-decoration: underline;\"><strong>MATERIEL et EQUIPEMENT INDISPENSABLES\u00a0<\/strong><\/span><strong> :<\/strong><\/p>\n<ul>\n<li>Chaussures adapt\u00e9es au terrain montagneux et imperm\u00e9ables pour les\u00a0raquettes.<b><br \/><\/b><\/li>\n<li>Les b\u00e2tons de marche sont fortement recommand\u00e9s, ainsi que crampons\u00a0 et raquettes si n\u00e9cessaire.<\/li>\n<li>Le sac \u00e0 dos doit pouvoir contenir les v\u00eatements adapt\u00e9s \u00e0 la saison ainsi que la nourriture et une petite pharmacie personnelle pour les personnes susceptibles de traitement particulier. Dans ce cas, il est utile d\u2019en pr\u00e9venir l\u2019animateur, avant le d\u00e9part.<\/li>\n<li>Des souliers propres de rechange pour monter dans le v\u00e9hicule au retour<\/li>\n<\/ul>\n<p><strong><span style=\"text-decoration: underline;\">CONTACT<\/span>\u00a0:<\/strong><\/p>\n<ul>\n<li><strong>Patrick DOLLE &#8211; T\u00e9l : 06 75 51 93 89<\/strong><\/li>\n<li><strong>Roselyne DOLLE &#8211; T\u00e9l : 06 77 13 82 87<\/strong><\/li>\n<li><strong>adresse mail :\u00a0 <a href=\"mailto:contactsentiers05@sentiers05.fr\">contactsentiers05@<\/a><a href=\"mailto:contactsentiers05@sentiers05.fr\">sentiers05<\/a><a href=\"mailto:contactsentiers05@sentiers05.fr\">.fr<\/a><\/strong><\/li>\n<\/ul>\n<div id='gallery-2' class='gallery galleryid-16 gallery-columns-2 gallery-size-medium'><figure class='gallery-item'>\n\t\t\t<div class='gallery-icon landscape'>\n\t\t\t\t<a href='https:\/\/sentiers05.fr\/wp-content\/uploads\/2015\/12\/DSCN1119a.jpg'><img loading=\"lazy\" decoding=\"async\" width=\"300\" height=\"225\" src=\"https:\/\/sentiers05.fr\/wp-content\/uploads\/2015\/12\/DSCN1119a-300x225.jpg\" class=\"attachment-medium size-medium\" alt=\"\" srcset=\"https:\/\/sentiers05.fr\/wp-content\/uploads\/2015\/12\/DSCN1119a-300x225.jpg 300w, https:\/\/sentiers05.fr\/wp-content\/uploads\/2015\/12\/DSCN1119a-584x438.jpg 584w, https:\/\/sentiers05.fr\/wp-content\/uploads\/2015\/12\/DSCN1119a.jpg 1152w\" sizes=\"auto, (max-width: 300px) 85vw, 300px\" \/><\/a>\n\t\t\t<\/div><\/figure><figure class='gallery-item'>\n\t\t\t<div class='gallery-icon landscape'>\n\t\t\t\t<a href='https:\/\/sentiers05.fr\/wp-content\/uploads\/2015\/12\/DSCN1514.jpg'><img loading=\"lazy\" decoding=\"async\" width=\"300\" height=\"225\" src=\"https:\/\/sentiers05.fr\/wp-content\/uploads\/2015\/12\/DSCN1514-300x225.jpg\" class=\"attachment-medium size-medium\" alt=\"\" srcset=\"https:\/\/sentiers05.fr\/wp-content\/uploads\/2015\/12\/DSCN1514-300x225.jpg 300w, https:\/\/sentiers05.fr\/wp-content\/uploads\/2015\/12\/DSCN1514-584x438.jpg 584w, https:\/\/sentiers05.fr\/wp-content\/uploads\/2015\/12\/DSCN1514.jpg 1152w\" sizes=\"auto, (max-width: 300px) 85vw, 300px\" \/><\/a>\n\t\t\t<\/div><\/figure>\n\t\t<\/div>\n\n<p align=\"JUSTIFY\"><a href=\"https:\/\/sentiers05.fr\/index.php\/mentions-legales\/\">Mentions l\u00e9gales<\/a><\/p>\n\n\n<p><\/p>\n","protected":false},"excerpt":{"rendered":"<p>Cr\u00e9e en 2007, SENTIERS 05 est une association loi 1901 affili\u00e9e \u00e0 la F\u00e9d\u00e9ration Fran\u00e7aise de la Randonn\u00e9e P\u00e9destre sous le n\u00b0 05539. Son si\u00e8ge social est \u00e0 la Mairie de Romette. Elle est adh\u00e9rente \u00e0 l\u2019Office Municipal des Sports de Gap. NOS BUTS sont\u00a0: Pratiquer et promouvoir toute l\u2019ann\u00e9e la randonn\u00e9e p\u00e9destre et en &hellip; <a href=\"https:\/\/sentiers05.fr\/\" class=\"more-link\">Continuer la lecture<span class=\"screen-reader-text\"> de &laquo;&nbsp;Accueil&nbsp;&raquo;<\/span><\/a><\/p>\n","protected":false},"author":2,"featured_media":0,"parent":0,"menu_order":0,"comment_status":"closed","ping_status":"closed","template":"","meta":{"footnotes":""},"class_list":["post-16","page","type-page","status-publish","hentry"],"_links":{"self":[{"href":"https:\/\/sentiers05.fr\/index.php\/wp-json\/wp\/v2\/pages\/16","targetHints":{"allow":["GET"]}}],"collection":[{"href":"https:\/\/sentiers05.fr\/index.php\/wp-json\/wp\/v2\/pages"}],"about":[{"href":"https:\/\/sentiers05.fr\/index.php\/wp-json\/wp\/v2\/types\/page"}],"author":[{"embeddable":true,"href":"https:\/\/sentiers05.fr\/index.php\/wp-json\/wp\/v2\/users\/2"}],"replies":[{"embeddable":true,"href":"https:\/\/sentiers05.fr\/index.php\/wp-json\/wp\/v2\/comments?post=16"}],"version-history":[{"count":38,"href":"https:\/\/sentiers05.fr\/index.php\/wp-json\/wp\/v2\/pages\/16\/revisions"}],"predecessor-version":[{"id":14565,"href":"https:\/\/sentiers05.fr\/index.php\/wp-json\/wp\/v2\/pages\/16\/revisions\/14565"}],"wp:attachment":[{"href":"https:\/\/sentiers05.fr\/index.php\/wp-json\/wp\/v2\/media?parent=16"}],"curies":[{"name":"wp","href":"https:\/\/api.w.org\/{rel}","templated":true}]}}